{"id":214,"date":"2020-06-15T23:23:18","date_gmt":"2020-06-15T23:23:18","guid":{"rendered":"http:\/\/johanna-swist.de\/wpjs\/?page_id=214"},"modified":"2023-01-07T11:19:29","modified_gmt":"2023-01-07T11:19:29","slug":"stopka-redakcyjna-polskojezyczny-adwokat","status":"publish","type":"page","link":"http:\/\/www.johanna-swist.de\/wpjs\/pl\/stopka-redakcyjna-polskojezyczny-adwokat\/","title":{"rendered":"Ustawowe zobowi\u0105zania: Stopka redakcyjna &#8211; Polskoj\u0119zyczny adwokat"},"content":{"rendered":"<p>&nbsp;<\/p>\n<p>&nbsp;<\/p>\n<h1 style=\"text-align: center;\"><span style=\"color: #000000;\">O\u015bwidczenie kanceraii Swist wg niemieckiej ustawy\u00a0\u00a7 5 Telekommunikationsgesetz (ustawa o telekomunikacji)<\/span><\/h1>\n<p>&nbsp;<\/p>\n<p>Polskoj\u0119zyczny adwokat (Niemcy) informuje:<\/p>\n<p>&nbsp;<\/p>\n<p style=\"text-align: justify;\"><span style=\"color: #000000;\">Rechtsanw\u00e4ltin Johanna Swist (adwokat Niemcy)<\/span><br \/>\n<span style=\"color: #000000;\">Spanger Stra\u00dfe 38<\/span><br \/>\n<span style=\"color: #000000;\"> 40599 D\u00fcsseldorf<\/span><br \/>\n<span style=\"color: #000000;\"> Telefon: + 49211-8759\u00a0 8066<\/span><br \/>\n<span style=\"color: #000000;\"> Telefax: + 49211-8759\u00a0 8068<\/span><br \/>\n<span style=\"color: #000000;\"> E-Mail: <span style=\"color: #1414ff;\"><strong>sekretariat@johanna-swist.de<\/strong><\/span><\/span><br \/>\n<span style=\"color: #000000;\"> Internet: <span style=\"color: #1414ff;\"><strong><a style=\"color: #1414ff;\" href=\"http:\/\/www.johanna-swist.de\/wpjs\/de\/kanzlei\/\">www.johanna-swist.de<\/a>\u00a0 <\/strong><span style=\"color: #000000;\">oraz<\/span><\/span><strong><span style=\"color: #1414ff;\">\u00a0 <a style=\"color: #1414ff;\" href=\"http:\/\/swist.legal\/\">www.swist.legal<\/a><\/span><\/strong><\/span><\/p>\n<p>&nbsp;<\/p>\n<p style=\"text-align: center;\"><span style=\"color: #999999;\">____________________________________________<\/span><\/p>\n<p>&nbsp;<\/p>\n<p>&nbsp;<\/p>\n<h2 style=\"text-align: justify;\"><span style=\"color: #000000;\">Upowa\u017cniona do reprezentacji:<\/span><\/h2>\n<p style=\"text-align: justify;\"><span style=\"color: #000000;\">\u00a0Johanna Swist<\/span><\/p>\n<p>&nbsp;<\/p>\n<p style=\"text-align: center;\"><span style=\"color: #999999;\">____________________________________________<\/span><\/p>\n<p>&nbsp;<\/p>\n<p>&nbsp;<\/p>\n<h2 style=\"text-align: justify;\"><span style=\"color: #000000;\">W\u0142a\u015bciwa izba adwokacka:<\/span><\/h2>\n<p style=\"text-align: justify;\"><span style=\"color: #000000;\">Rechtsanwaltskammer D\u00fcsseldorf, Freiligrathstra\u00dfe 25, 40479 D\u00fcsseldorf<\/span><\/p>\n<p>&nbsp;<\/p>\n<p style=\"text-align: center;\"><span style=\"color: #999999;\">____________________________________________<\/span><\/p>\n<p>&nbsp;<\/p>\n<p>&nbsp;<\/p>\n<h2 style=\"text-align: justify;\"><span style=\"color: #000000;\">Nazwa wykonywanych zawod\u00f3w:<\/span><\/h2>\n<p style=\"text-align: justify;\"><span style=\"color: #000000;\">Rechtsanwalt (tytu\u0142 adwokata nadany w Federalnej Republice Niemiec)<\/span><\/p>\n<p>&nbsp;<\/p>\n<p style=\"text-align: center;\"><span style=\"color: #999999;\">____________________________________________<\/span><\/p>\n<p>&nbsp;<\/p>\n<p>&nbsp;<\/p>\n<h2 style=\"text-align: justify;\"><span style=\"color: #000000;\">Obowi\u0105zuj\u0105ce przepisy zawodowe:<\/span><\/h2>\n<ul>\n<li style=\"text-align: justify;\"><span style=\"color: #000000;\">Bundesrechtsanwaltsordnung-BRAO (federalny kodeks adwokacki),<\/span><\/li>\n<li style=\"text-align: justify;\"><span style=\"color: #000000;\">Berufsordnung f\u00fcr Rechtsanw\u00e4lte-BORA (kodeks zawodowy adwokat\u00f3w),<\/span><\/li>\n<li style=\"text-align: justify;\"><span style=\"color: #000000;\">Fachanwaltsordnung \u2013 FAO (kodeks wyspecjalizowanych adwokat\u00f3w),<\/span><\/li>\n<li style=\"text-align: justify;\"><span style=\"color: #000000;\">Rechtsanwaltsverg\u00fctungsgesetz \u2013 RVG (Ustawa o honorarium adwokackim),<\/span><\/li>\n<li style=\"text-align: justify;\"><span style=\"color: #000000;\">Berufsregeln der Rechtsan\u00e4wlte der Europ\u0105ischen Union (regu\u0142y zawodowe adwokat\u00f3w UE).<\/span><\/li>\n<\/ul>\n<p style=\"text-align: justify;\"><span style=\"color: #000000;\">Wymienione ustawy s\u0105 do wgl\u0105du na stronie www Federalnej Izby adwokackiej pod adresem<a href=\"http:\/\/brak.de\/seiten\/06.php#dg\"><span style=\"color: #1414ff;\"><strong> http:\/\/brak.de\/seiten\/06.php#dg<\/strong><\/span><\/a><\/span><\/p>\n<p>&nbsp;<\/p>\n<p style=\"text-align: center;\"><span style=\"color: #999999;\">____________________________________________<\/span><\/p>\n<p>&nbsp;<\/p>\n<p>&nbsp;<\/p>\n<h2 style=\"text-align: justify;\"><span style=\"color: #000000;\">Numer identyfikacji podatkowej wg \u00a7 27 a Umsatzsteuergesetz (niemieckiego kodeksu VAT):<\/span><\/h2>\n<p style=\"text-align: justify;\"><span style=\"color: #000000;\">DE315135935<\/span><\/p>\n<p>&nbsp;<\/p>\n<p style=\"text-align: center;\"><span style=\"color: #999999;\">____________________________________________<\/span><\/p>\n<p>&nbsp;<\/p>\n<p>&nbsp;<\/p>\n<h2 style=\"text-align: justify;\"><span style=\"color: #000000;\">Odpowiedzialno\u015b\u0107 za tre\u015b\u0107 publikacji:<\/span><\/h2>\n<p style=\"text-align: justify;\"><span style=\"color: #000000;\">Za tre\u015b\u0107 odpowiedzialna jest wg \u00a7 10 III MDStV (Umowy pa\u0144stwowej o elektronicznych us\u0142ugach komunikacyjnych i informatycznych): Johanna Swist<\/span><\/p>\n<p>&nbsp;<\/p>\n<p style=\"text-align: center;\"><span style=\"color: #999999;\">____________________________________________<\/span><\/p>\n<p>&nbsp;<\/p>\n<p>&nbsp;<\/p>\n<h2 style=\"text-align: justify;\"><span style=\"color: #000000;\">Informacja o ograniczeniu odpowiedzialno\u015bci:<\/span><\/h2>\n<p style=\"text-align: justify;\"><span style=\"color: #000000;\">Pomimo szczeg\u00f3lnej kontroli nie przejmujemy \u017cadnej odpowiedzialno\u015bci za tre\u015b\u0107 obcych link\u00f3w. Za tre\u015b\u0107 obcych stron odpowiedzialni s\u0105 tylko ich administratorzy.<\/span><\/p>\n<p style=\"text-align: justify;\"><span style=\"color: #000000;\">Je\u017celi wskazujemy adresy obcych stron internetowych, kt\u00f3re znajduj\u0105 si\u0119 poza odpowiedzialno\u015bci\u0105 ich administrator\u00f3w odpowiada on za nie tylko wtedy, je\u015bli zna\u0142 ich tre\u015b\u0107 i by\u0142o mu technicznie mo\u017cliwe zapobiec ich u\u017cytkowaniu.<\/span><\/p>\n<p style=\"text-align: justify;\"><span style=\"color: #000000;\">O\u015bwiadczamy jednoznacznie, \u017ce w momencie wskazania adres\u00f3w obcych stron nie znajdowa\u0142y si\u0119 na nich \u017cadne nielegalne tre\u015bci. Na aktualn\u0105 i przysz\u0142\u0105 tre\u015b\u0107 tych obcych stron nie mamy \u017cadnego wp\u0142ywu.<\/span><br \/>\n<span style=\"color: #000000;\"> Za inn\u0105 tre\u015b\u0107 a szczeg\u00f3lnie za szkody, kt\u00f3re wynikn\u0105 z u\u017cytkowania lub nieu\u017cytkowania informacji z obcych stron odpowiada tylko administrator tych stron a nie ten, kt\u00f3ry na nie wskaza\u0142. Dotyczy to tak\u017ce obcych wpis\u00f3w w ksi\u0105\u017ckach go\u015bci i w forach.<\/span><\/p>\n<p style=\"text-align: justify;\"><span style=\"color: #000000;\">Wskazujemy tylko po to na obce linki, aby go\u015bciom naszej strony umo\u017cliwi\u0107 uzyskanie dalszych informacji. Umieszczenie odno\u015bnika (linku) na naszej stronie na obc\u0105 stron\u0119 nie oznacza jednak, \u017ce my j\u0105 proponujemy albo identyfikujemy si\u0119 z jej tre\u015bci\u0105.<\/span><\/p>\n<p style=\"text-align: justify;\"><span style=\"color: #000000;\">Skuteczno\u015b\u0107 prawna ograniczenia odpowiedzialno\u015bci.<\/span><\/p>\n<p style=\"text-align: justify;\"><span style=\"color: #000000;\">Niniejsze ograniczenie odpowiedzialno\u015bci jest cz\u0119\u015bci\u0105 naszej oferty internetowej, z kt\u00f3rej przekierowali\u015bmy na t\u0105 stron\u0119. Je\u017celi cz\u0119\u015bci lub poszczeg\u00f3lne sformu\u0142owania tre\u015bci tej strony mia\u0142yby nie odpowiada\u0107, ju\u017c nie odpowiada\u0107 b\u0105d\u017a nie w pe\u0142ni odpowiada\u0107 obowi\u0105zuj\u0105cemu stanu prawnemu, nie b\u0119dzie to mia\u0142o wp\u0142ywu na skuteczno\u015b\u0107 pozosta\u0142ej tre\u015bci tego dokumentu.<\/span><\/p>\n<p>&nbsp;<\/p>\n<p style=\"text-align: right;\"><em><span style=\"color: #000000;\">Kancelaria Swist &#8211; Polskoj\u0119zyczny adwokat &#8211; Kancelaria w Niemczech<\/span><\/em><br \/>\n<em><span style=\"color: #000000;\"> Pa\u0144stwa prawo w naszych wiernych r\u0119kach<\/span><\/em><\/p>\n<p>&nbsp;<\/p>\n<p>&nbsp;<\/p>\n<p><a href=\"http:\/\/www.johanna-swist.de\/wpjs\/pl\/kancelaria-2\/\"><img loading=\"lazy\" decoding=\"async\" class=\"Polskoj\u0119zyczny adwokat aligncenter wp-image-7490\" title=\"Polskoj\u0119zyczny adwokat\" src=\"http:\/\/www.johanna-swist.de\/wpjs\/wp-content\/uploads\/2022\/04\/Logo-2-1-300x85.jpg\" alt=\"Polskoj\u0119zyczny adwokat\" width=\"498\" height=\"141\" srcset=\"http:\/\/www.johanna-swist.de\/wpjs\/wp-content\/uploads\/2022\/04\/Logo-2-1-300x85.jpg 300w, http:\/\/www.johanna-swist.de\/wpjs\/wp-content\/uploads\/2022\/04\/Logo-2-1.jpg 337w\" sizes=\"auto, (max-width: 498px) 100vw, 498px\" \/><\/a><\/p>\n<p>&nbsp;<\/p>\n<p>&nbsp;<\/p>\n<p>&nbsp;<\/p>\n<p style=\"text-align: justify;\"><div class=\"specialtext-content-left effect\"><\/p>\n<h3 style=\"text-align: center;\">Prosimy o kontakt!Tel.: <span style=\"color: #1414ff;\">+49 (0) 211 &#8211; 8759\u00a0 8066<\/span><\/h3>\n<p><\/div><\/p>\n<p>&nbsp;<\/p>\n","protected":false},"excerpt":{"rendered":"<p>Polskoj\u0119zyczny adwokat: O\u015bwidczenie kanceraii Swist wg niemieckiej ustawy\u00a0\u00a7 5 Telekommunikationsgesetz (ustawa o telekomunikacji)<\/p>\n","protected":false},"author":1,"featured_media":0,"parent":0,"menu_order":0,"comment_status":"closed","ping_status":"closed","template":"","meta":{"om_disable_all_campaigns":false,"_monsterinsights_skip_tracking":false,"_monsterinsights_sitenote_active":false,"_monsterinsights_sitenote_note":"","_monsterinsights_sitenote_category":0,"_uf_show_specific_survey":0,"_uf_disable_surveys":false,"footnotes":""},"class_list":["post-214","page","type-page","status-publish","hentry"],"yoast_head":"<!-- This site is optimized with the Yoast SEO plugin v27.3 - https:\/\/yoast.com\/product\/yoast-seo-wordpress\/ -->\n<title>Kancelaria w Niemczech | Polskoj\u0119zyczny adwokat!<\/title>\n<meta name=\"description\" content=\"Polskoj\u0119zyczny adwokat - adwokat w Niemczech - prawnik w D\u00fcsseldorf - Kontakt: 0211-8759 8067 albo sekretariat@johanna-swist.de\" \/>\n<meta name=\"robots\" content=\"index, follow, max-snippet:-1, max-image-preview:large, max-video-preview:-1\" \/>\n<link rel=\"canonical\" href=\"http:\/\/www.johanna-swist.de\/wpjs\/pl\/stopka-redakcyjna-polskojezyczny-adwokat\/\" \/>\n<meta property=\"og:locale\" content=\"de_DE\" \/>\n<meta property=\"og:type\" content=\"article\" \/>\n<meta property=\"og:title\" content=\"Kancelaria w Niemczech | Polskoj\u0119zyczny adwokat!\" \/>\n<meta property=\"og:description\" content=\"Polskoj\u0119zyczny adwokat - adwokat w Niemczech - prawnik w D\u00fcsseldorf - Kontakt: 0211-8759 8067 albo sekretariat@johanna-swist.de\" \/>\n<meta property=\"og:url\" content=\"http:\/\/www.johanna-swist.de\/wpjs\/pl\/stopka-redakcyjna-polskojezyczny-adwokat\/\" \/>\n<meta property=\"og:site_name\" content=\"swist.legal\" \/>\n<meta property=\"article:modified_time\" content=\"2023-01-07T11:19:29+00:00\" \/>\n<meta property=\"og:image\" content=\"http:\/\/www.johanna-swist.de\/wpjs\/wp-content\/uploads\/2022\/04\/Logo-2-1-300x85.jpg\" \/>\n<meta name=\"twitter:card\" content=\"summary_large_image\" \/>\n<meta name=\"twitter:label1\" content=\"Gesch\u00e4tzte Lesezeit\" \/>\n\t<meta name=\"twitter:data1\" content=\"3\u00a0Minuten\" \/>\n<script type=\"application\/ld+json\" class=\"yoast-schema-graph\">{\"@context\":\"https:\\\/\\\/schema.org\",\"@graph\":[{\"@type\":\"WebPage\",\"@id\":\"http:\\\/\\\/www.johanna-swist.de\\\/wpjs\\\/pl\\\/stopka-redakcyjna-polskojezyczny-adwokat\\\/\",\"url\":\"http:\\\/\\\/www.johanna-swist.de\\\/wpjs\\\/pl\\\/stopka-redakcyjna-polskojezyczny-adwokat\\\/\",\"name\":\"Kancelaria w Niemczech | Polskoj\u0119zyczny adwokat!\",\"isPartOf\":{\"@id\":\"http:\\\/\\\/www.johanna-swist.de\\\/wpjs\\\/#website\"},\"primaryImageOfPage\":{\"@id\":\"http:\\\/\\\/www.johanna-swist.de\\\/wpjs\\\/pl\\\/stopka-redakcyjna-polskojezyczny-adwokat\\\/#primaryimage\"},\"image\":{\"@id\":\"http:\\\/\\\/www.johanna-swist.de\\\/wpjs\\\/pl\\\/stopka-redakcyjna-polskojezyczny-adwokat\\\/#primaryimage\"},\"thumbnailUrl\":\"http:\\\/\\\/www.johanna-swist.de\\\/wpjs\\\/wp-content\\\/uploads\\\/2022\\\/04\\\/Logo-2-1-300x85.jpg\",\"datePublished\":\"2020-06-15T23:23:18+00:00\",\"dateModified\":\"2023-01-07T11:19:29+00:00\",\"description\":\"Polskoj\u0119zyczny adwokat - adwokat w Niemczech - prawnik w D\u00fcsseldorf - Kontakt: 0211-8759 8067 albo sekretariat@johanna-swist.de\",\"breadcrumb\":{\"@id\":\"http:\\\/\\\/www.johanna-swist.de\\\/wpjs\\\/pl\\\/stopka-redakcyjna-polskojezyczny-adwokat\\\/#breadcrumb\"},\"inLanguage\":\"de\",\"potentialAction\":[{\"@type\":\"ReadAction\",\"target\":[\"http:\\\/\\\/www.johanna-swist.de\\\/wpjs\\\/pl\\\/stopka-redakcyjna-polskojezyczny-adwokat\\\/\"]}]},{\"@type\":\"ImageObject\",\"inLanguage\":\"de\",\"@id\":\"http:\\\/\\\/www.johanna-swist.de\\\/wpjs\\\/pl\\\/stopka-redakcyjna-polskojezyczny-adwokat\\\/#primaryimage\",\"url\":\"http:\\\/\\\/www.johanna-swist.de\\\/wpjs\\\/wp-content\\\/uploads\\\/2022\\\/04\\\/Logo-2-1.jpg\",\"contentUrl\":\"http:\\\/\\\/www.johanna-swist.de\\\/wpjs\\\/wp-content\\\/uploads\\\/2022\\\/04\\\/Logo-2-1.jpg\",\"width\":337,\"height\":96},{\"@type\":\"BreadcrumbList\",\"@id\":\"http:\\\/\\\/www.johanna-swist.de\\\/wpjs\\\/pl\\\/stopka-redakcyjna-polskojezyczny-adwokat\\\/#breadcrumb\",\"itemListElement\":[{\"@type\":\"ListItem\",\"position\":1,\"name\":\"Startseite\",\"item\":\"http:\\\/\\\/www.johanna-swist.de\\\/wpjs\\\/pl\\\/kancelaria-2\\\/\"},{\"@type\":\"ListItem\",\"position\":2,\"name\":\"Ustawowe zobowi\u0105zania: Stopka redakcyjna &#8211; Polskoj\u0119zyczny adwokat\"}]},{\"@type\":\"WebSite\",\"@id\":\"http:\\\/\\\/www.johanna-swist.de\\\/wpjs\\\/#website\",\"url\":\"http:\\\/\\\/www.johanna-swist.de\\\/wpjs\\\/\",\"name\":\"swist.legal\",\"description\":\"\",\"publisher\":{\"@id\":\"http:\\\/\\\/www.johanna-swist.de\\\/wpjs\\\/#organization\"},\"potentialAction\":[{\"@type\":\"SearchAction\",\"target\":{\"@type\":\"EntryPoint\",\"urlTemplate\":\"http:\\\/\\\/www.johanna-swist.de\\\/wpjs\\\/?s={search_term_string}\"},\"query-input\":{\"@type\":\"PropertyValueSpecification\",\"valueRequired\":true,\"valueName\":\"search_term_string\"}}],\"inLanguage\":\"de\"},{\"@type\":\"Organization\",\"@id\":\"http:\\\/\\\/www.johanna-swist.de\\\/wpjs\\\/#organization\",\"name\":\"swist.legal\",\"url\":\"http:\\\/\\\/www.johanna-swist.de\\\/wpjs\\\/\",\"logo\":{\"@type\":\"ImageObject\",\"inLanguage\":\"de\",\"@id\":\"http:\\\/\\\/www.johanna-swist.de\\\/wpjs\\\/#\\\/schema\\\/logo\\\/image\\\/\",\"url\":\"http:\\\/\\\/www.johanna-swist.de\\\/wpjs\\\/wp-content\\\/uploads\\\/2022\\\/04\\\/cropped-cropped-Logo-1-1.jpg\",\"contentUrl\":\"http:\\\/\\\/www.johanna-swist.de\\\/wpjs\\\/wp-content\\\/uploads\\\/2022\\\/04\\\/cropped-cropped-Logo-1-1.jpg\",\"width\":512,\"height\":512,\"caption\":\"swist.legal\"},\"image\":{\"@id\":\"http:\\\/\\\/www.johanna-swist.de\\\/wpjs\\\/#\\\/schema\\\/logo\\\/image\\\/\"}}]}<\/script>\n<!-- \/ Yoast SEO plugin. -->","yoast_head_json":{"title":"Kancelaria w Niemczech | Polskoj\u0119zyczny adwokat!","description":"Polskoj\u0119zyczny adwokat - adwokat w Niemczech - prawnik w D\u00fcsseldorf - Kontakt: 0211-8759 8067 albo sekretariat@johanna-swist.de","robots":{"index":"index","follow":"follow","max-snippet":"max-snippet:-1","max-image-preview":"max-image-preview:large","max-video-preview":"max-video-preview:-1"},"canonical":"http:\/\/www.johanna-swist.de\/wpjs\/pl\/stopka-redakcyjna-polskojezyczny-adwokat\/","og_locale":"de_DE","og_type":"article","og_title":"Kancelaria w Niemczech | Polskoj\u0119zyczny adwokat!","og_description":"Polskoj\u0119zyczny adwokat - adwokat w Niemczech - prawnik w D\u00fcsseldorf - Kontakt: 0211-8759 8067 albo sekretariat@johanna-swist.de","og_url":"http:\/\/www.johanna-swist.de\/wpjs\/pl\/stopka-redakcyjna-polskojezyczny-adwokat\/","og_site_name":"swist.legal","article_modified_time":"2023-01-07T11:19:29+00:00","og_image":[{"url":"http:\/\/www.johanna-swist.de\/wpjs\/wp-content\/uploads\/2022\/04\/Logo-2-1-300x85.jpg","type":"","width":"","height":""}],"twitter_card":"summary_large_image","twitter_misc":{"Gesch\u00e4tzte Lesezeit":"3\u00a0Minuten"},"schema":{"@context":"https:\/\/schema.org","@graph":[{"@type":"WebPage","@id":"http:\/\/www.johanna-swist.de\/wpjs\/pl\/stopka-redakcyjna-polskojezyczny-adwokat\/","url":"http:\/\/www.johanna-swist.de\/wpjs\/pl\/stopka-redakcyjna-polskojezyczny-adwokat\/","name":"Kancelaria w Niemczech | Polskoj\u0119zyczny adwokat!","isPartOf":{"@id":"http:\/\/www.johanna-swist.de\/wpjs\/#website"},"primaryImageOfPage":{"@id":"http:\/\/www.johanna-swist.de\/wpjs\/pl\/stopka-redakcyjna-polskojezyczny-adwokat\/#primaryimage"},"image":{"@id":"http:\/\/www.johanna-swist.de\/wpjs\/pl\/stopka-redakcyjna-polskojezyczny-adwokat\/#primaryimage"},"thumbnailUrl":"http:\/\/www.johanna-swist.de\/wpjs\/wp-content\/uploads\/2022\/04\/Logo-2-1-300x85.jpg","datePublished":"2020-06-15T23:23:18+00:00","dateModified":"2023-01-07T11:19:29+00:00","description":"Polskoj\u0119zyczny adwokat - adwokat w Niemczech - prawnik w D\u00fcsseldorf - Kontakt: 0211-8759 8067 albo sekretariat@johanna-swist.de","breadcrumb":{"@id":"http:\/\/www.johanna-swist.de\/wpjs\/pl\/stopka-redakcyjna-polskojezyczny-adwokat\/#breadcrumb"},"inLanguage":"de","potentialAction":[{"@type":"ReadAction","target":["http:\/\/www.johanna-swist.de\/wpjs\/pl\/stopka-redakcyjna-polskojezyczny-adwokat\/"]}]},{"@type":"ImageObject","inLanguage":"de","@id":"http:\/\/www.johanna-swist.de\/wpjs\/pl\/stopka-redakcyjna-polskojezyczny-adwokat\/#primaryimage","url":"http:\/\/www.johanna-swist.de\/wpjs\/wp-content\/uploads\/2022\/04\/Logo-2-1.jpg","contentUrl":"http:\/\/www.johanna-swist.de\/wpjs\/wp-content\/uploads\/2022\/04\/Logo-2-1.jpg","width":337,"height":96},{"@type":"BreadcrumbList","@id":"http:\/\/www.johanna-swist.de\/wpjs\/pl\/stopka-redakcyjna-polskojezyczny-adwokat\/#breadcrumb","itemListElement":[{"@type":"ListItem","position":1,"name":"Startseite","item":"http:\/\/www.johanna-swist.de\/wpjs\/pl\/kancelaria-2\/"},{"@type":"ListItem","position":2,"name":"Ustawowe zobowi\u0105zania: Stopka redakcyjna &#8211; Polskoj\u0119zyczny adwokat"}]},{"@type":"WebSite","@id":"http:\/\/www.johanna-swist.de\/wpjs\/#website","url":"http:\/\/www.johanna-swist.de\/wpjs\/","name":"swist.legal","description":"","publisher":{"@id":"http:\/\/www.johanna-swist.de\/wpjs\/#organization"},"potentialAction":[{"@type":"SearchAction","target":{"@type":"EntryPoint","urlTemplate":"http:\/\/www.johanna-swist.de\/wpjs\/?s={search_term_string}"},"query-input":{"@type":"PropertyValueSpecification","valueRequired":true,"valueName":"search_term_string"}}],"inLanguage":"de"},{"@type":"Organization","@id":"http:\/\/www.johanna-swist.de\/wpjs\/#organization","name":"swist.legal","url":"http:\/\/www.johanna-swist.de\/wpjs\/","logo":{"@type":"ImageObject","inLanguage":"de","@id":"http:\/\/www.johanna-swist.de\/wpjs\/#\/schema\/logo\/image\/","url":"http:\/\/www.johanna-swist.de\/wpjs\/wp-content\/uploads\/2022\/04\/cropped-cropped-Logo-1-1.jpg","contentUrl":"http:\/\/www.johanna-swist.de\/wpjs\/wp-content\/uploads\/2022\/04\/cropped-cropped-Logo-1-1.jpg","width":512,"height":512,"caption":"swist.legal"},"image":{"@id":"http:\/\/www.johanna-swist.de\/wpjs\/#\/schema\/logo\/image\/"}}]}},"_links":{"self":[{"href":"http:\/\/www.johanna-swist.de\/wpjs\/wp-json\/wp\/v2\/pages\/214","targetHints":{"allow":["GET"]}}],"collection":[{"href":"http:\/\/www.johanna-swist.de\/wpjs\/wp-json\/wp\/v2\/pages"}],"about":[{"href":"http:\/\/www.johanna-swist.de\/wpjs\/wp-json\/wp\/v2\/types\/page"}],"author":[{"embeddable":true,"href":"http:\/\/www.johanna-swist.de\/wpjs\/wp-json\/wp\/v2\/users\/1"}],"replies":[{"embeddable":true,"href":"http:\/\/www.johanna-swist.de\/wpjs\/wp-json\/wp\/v2\/comments?post=214"}],"version-history":[{"count":38,"href":"http:\/\/www.johanna-swist.de\/wpjs\/wp-json\/wp\/v2\/pages\/214\/revisions"}],"predecessor-version":[{"id":7770,"href":"http:\/\/www.johanna-swist.de\/wpjs\/wp-json\/wp\/v2\/pages\/214\/revisions\/7770"}],"wp:attachment":[{"href":"http:\/\/www.johanna-swist.de\/wpjs\/wp-json\/wp\/v2\/media?parent=214"}],"curies":[{"name":"wp","href":"https:\/\/api.w.org\/{rel}","templated":true}]}}