{"id":1234,"date":"2020-06-18T16:51:30","date_gmt":"2020-06-18T16:51:30","guid":{"rendered":"http:\/\/www.johanna-swist.de\/wpjs\/?page_id=1234"},"modified":"2023-09-24T11:38:12","modified_gmt":"2023-09-24T11:38:12","slug":"wlasnosc-przemyslowa","status":"publish","type":"page","link":"http:\/\/www.johanna-swist.de\/wpjs\/pl\/wlasnosc-przemyslowa\/","title":{"rendered":"IP \/ IT: w\u0142asno\u015b\u0107 przemys\u0142owa w Niemczech &#8211; prawo konkurencji, patentowe, znak\u00f3w towarowych, wzor\u00f3w przemys\u0142owych i u\u017cytkowych \u2026."},"content":{"rendered":"<p>&nbsp;<\/p>\n<h1 style=\"text-align: center;\"><span style=\"color: #000000;\">W\u0142asno\u015b\u0107 przemys\u0142owa w Niemczech<\/span><\/h1>\n<p>&nbsp;<\/p>\n<p style=\"text-align: right;\"><button id=\"bb1\" type=\"button\" value=\"Play\" class=\"responsivevoice-button\" title=\"ResponsiveVoice Tap to Start\/Stop Speech\"><span>&#128266; S\u0142uchaj<\/span><\/button>\n        <script>\n            bb1.onclick = function(){\n                if(responsiveVoice.isPlaying()){\n                    responsiveVoice.cancel();\n                }else{\n                    responsiveVoice.speak(\"W zakresie dziedziny prawa w\u0142asno\u015bci przemys\u0142owej reprezentujemy za zwyczaj przedsi\u0119biorc\u00f3w. Zwracaj\u0105 si\u0119 oni do nas z konkretnymi pytaniami dotycz\u0105cymi wiedzy o funkcjonowaniu przedsi\u0119biorstw i reklamy. Oto kilka przyk\u0142ad\u00f3w: Nasz klient stwierdzi\u0142, \u017ce konkurent reklamuje si\u0119 jako dystrybutor produktu nale\u017c\u0105cego do naszego klienta. On sam nic mu jednak nie sprzeda\u0142 ani nie udzieli\u0142 licencji. Nasz klient przypuszcza, \u017ce chodzi o nielegalne kopie jego produktu. Pracownik, nasz zleceniodawca, wynalaz\u0142 co\u015b. Zastanawia si\u0119, czy jego pracodawca mo\u017ce posiada\u0107 jakiekolwiek roszczenia zwi\u0105zane z wynalazkiem, chocia\u017c zosta\u0142 on dokonany wy\u0142\u0105cznie w jego wolnym czasie. Prezes przedsi\u0119biorstwa, kt\u00f3remu zarzucono naruszenie praw patentowych\u00a0chcia\u0142by zasi\u0119gn\u0105\u0107 porady prawnej. Pyta, jakie ryzyko grozi przedsi\u0119biorstwu. Nasz klient chce zameldowa\u0107 sw\u00f3j znak towarowy. Rejestracja znaku towarowego ma zabezpieczy\u0107 ca\u0142y rynek dystrybucji. S\u0105 to tylko niekt\u00f3re przyk\u0142ady spraw naszych klient\u00f3w. Zakres prawa w\u0142asno\u015bci przemys\u0142owej jest bardzo r\u00f3\u017cnorodny i dotyka codziennej dzia\u0142alno\u015bci, czasami bardzo niespodziewanie.\", \"Polish Female\");\n                }\n            };\n        <\/script>\n    <\/p>\n<p style=\"text-align: justify;\"><span style=\"color: #000000;\">W zakresie dziedziny prawa w\u0142asno\u015bci przemys\u0142owej reprezentujemy za zwyczaj przedsi\u0119biorc\u00f3w. Zwracaj\u0105 si\u0119 oni do nas z konkretnymi pytaniami dotycz\u0105cymi wiedzy o funkcjonowaniu przedsi\u0119biorstw i reklamy. Oto kilka przyk\u0142ad\u00f3w:<\/span><\/p>\n<ul style=\"text-align: justify;\">\n<li><span style=\"color: #000000;\">Nasz klient stwierdzi\u0142, \u017ce konkurent reklamuje si\u0119 jako dystrybutor produktu nale\u017c\u0105cego do naszego klienta. On sam nic mu jednak nie sprzeda\u0142 ani nie udzieli\u0142 licencji. Nasz klient przypuszcza, \u017ce chodzi o <span style=\"color: #080060;\"><strong>nielegalne kopie<\/strong><\/span> jego produktu.<\/span><\/li>\n<li><span style=\"color: #000000;\">Pracownik, nasz zleceniodawca, wynalaz\u0142 co\u015b. Zastanawia si\u0119, czy jego pracodawca mo\u017ce posiada\u0107 jakiekolwiek roszczenia zwi\u0105zane z <strong><span style=\"color: #080060;\">wynalazkiem<\/span><\/strong>, chocia\u017c zosta\u0142 on dokonany wy\u0142\u0105cznie w jego wolnym czasie.<\/span><\/li>\n<li><span style=\"color: #000000;\">Prezes przedsi\u0119biorstwa, kt\u00f3remu zarzucono naruszenie <span style=\"color: #080060;\"><strong>praw patentowych<\/strong><\/span>\u00a0chcia\u0142by zasi\u0119gn\u0105\u0107 porady prawnej. Pyta, jakie ryzyko grozi przedsi\u0119biorstwu.<\/span><\/li>\n<li><span style=\"color: #000000;\">Nasz klient chce zameldowa\u0107 sw\u00f3j znak towarowy. <strong><span style=\"color: #080060;\">Rejestracja znaku towarowego<\/span><\/strong> ma zabezpieczy\u0107 ca\u0142y rynek dystrybucji.<\/span><\/li>\n<\/ul>\n<p style=\"text-align: justify;\"><span style=\"color: #000000;\">S\u0105 to tylko niekt\u00f3re przyk\u0142ady spraw naszych klient\u00f3w. Zakres prawa w\u0142asno\u015bci przemys\u0142owej jest bardzo r\u00f3\u017cnorodny i dotyka codziennej dzia\u0142alno\u015bci, czasami bardzo niespodziewanie.<\/span><\/p>\n<p><\/p>\n<p style=\"text-align: center;\"><span style=\"color: #999999;\">____________________________________________<\/span><\/p>\n<p>&nbsp;<\/p>\n<p>&nbsp;<\/p>\n<h2 style=\"text-align: center;\"><span style=\"color: #000000;\">Nasza filozofia<\/span><\/h2>\n<p style=\"text-align: right;\"><button id=\"bb2\" type=\"button\" value=\"Play\" class=\"responsivevoice-button\" title=\"ResponsiveVoice Tap to Start\/Stop Speech\"><span>&#128266; S\u0142uchaj<\/span><\/button>\n        <script>\n            bb2.onclick = function(){\n                if(responsiveVoice.isPlaying()){\n                    responsiveVoice.cancel();\n                }else{\n                    responsiveVoice.speak(\"Chcieliby\u015bmy u\u0142atwi\u0107 naszym klientom prowadzenie dzia\u0142alno\u015b\u0107, doskonale zdaj\u0105c sobie spraw\u0119, jak ci\u0119\u017ck\u0105 kwesti\u0105 jest, zapewnienie sobie pozycji na rynku. Dobry pomys\u0142 i fascynacja produktem jest nierzadko pocz\u0105tkiem w\u0142asnej, samodzielnej dzia\u0142alno\u015bci. Rozpocz\u0119cie i rozbudowanie dzia\u0142alno\u015bci gospodarczej nie jest tylko wizj\u0105, ale wymaga r\u00f3wnie\u017c prawnego zabezpieczenia. To samo dotyczy sytuacji, kiedy chodzi nie tylko o wdro\u017cenie nowego pomys\u0142u gospodarczego ale r\u00f3wnie\u017c o rozbudowanie przez przedsi\u0119biorstwo rynku zbytu. W przypadku upomnienia z powodu naruszenia czyjego\u015b znaku towarowego, obcego wzoru, czy patentu lub w razie zarzutu nieuczciwej konkurencji, przydatna jest fachowa pomoc prawna.\", \"Polish Female\");\n                }\n            };\n        <\/script>\n    <\/p>\n<p style=\"text-align: justify;\"><span style=\"color: #000000;\">Chcieliby\u015bmy u\u0142atwi\u0107 naszym klientom prowadzenie dzia\u0142alno\u015b\u0107, doskonale zdaj\u0105c sobie spraw\u0119, jak ci\u0119\u017ck\u0105 kwesti\u0105 jest, zapewnienie sobie pozycji na rynku. Dobry pomys\u0142 i fascynacja produktem jest nierzadko pocz\u0105tkiem w\u0142asnej, samodzielnej dzia\u0142alno\u015bci. Rozpocz\u0119cie i rozbudowanie dzia\u0142alno\u015bci gospodarczej nie jest tylko wizj\u0105, ale wymaga r\u00f3wnie\u017c prawnego zabezpieczenia. To samo dotyczy sytuacji, kiedy chodzi nie tylko o wdro\u017cenie nowego pomys\u0142u gospodarczego ale r\u00f3wnie\u017c o rozbudowanie przez przedsi\u0119biorstwo rynku zbytu.<\/span><\/p>\n<p style=\"text-align: justify;\"><span style=\"color: #000000;\">W przypadku upomnienia z powodu naruszenia czyjego\u015b znaku towarowego, obcego wzoru, czy patentu lub w razie zarzutu nieuczciwej konkurencji, przydatna jest fachowa pomoc prawna.<\/span><\/p>\n<p><\/p>\n<p style=\"text-align: center;\"><span style=\"color: #999999;\">____________________________________________<\/span><\/p>\n<p>&nbsp;<\/p>\n<p>&nbsp;<\/p>\n<h2 style=\"text-align: center;\"><span style=\"color: #000000;\">Osoba kontaktowa<\/span><\/h2>\n<p>&nbsp;<\/p>\n<p style=\"text-align: justify;\"><span style=\"color: #000000;\">Pani Rechtsanw\u00e4ltin Swist (adwokat prawa niemieckiego) zajmuje si\u0119 powy\u017cej przedstawionymi zagadnieniami i ch\u0119tnie doradzi Pa\u0144stwu w tym zakresie.<\/span><\/p>\n<p>&nbsp;<\/p>\n<p style=\"text-align: justify;\"><a href=\"http:\/\/rybakswist.de\/pl\/adwokat-w-niemczech\"><img loading=\"lazy\" decoding=\"async\" class=\"aligncenter wp-image-125\" title=\"W\u0142asno\u015b\u0107 przemys\u0142owa w Niemczech\" src=\"http:\/\/rybakswist.de\/wp-content\/uploads\/2015\/07\/johannaswist_408-300x198.jpg\" alt=\"W\u0142asno\u015b\u0107 przemys\u0142owa w Niemczech\" width=\"461\" height=\"304\" \/><\/a><\/p>\n<p>&nbsp;<\/p>\n<p style=\"text-align: justify;\"><span style=\"color: #000000;\">Celem osobistej konsultacji jest przedstawienie fakt\u00f3w i w\u0142asnych pomys\u0142\u00f3w, a nast\u0119pnie podj\u0119cie w\u0142a\u015bciwych strategicznie decyzji. \u017cyjemy w bardzo szybkiej i globalnej rzeczywisto\u015bci. Jako kancelaria wychodzimy naprzeciw zwi\u0105zanym z tym oczekiwaniom.<\/span><\/p>\n<p>&nbsp;<\/p>\n<p style=\"text-align: center;\"><span style=\"color: #999999;\">____________________________________________<\/span><\/p>\n<p>&nbsp;<\/p>\n<p>&nbsp;<\/p>\n<h2 style=\"text-align: center;\"><span style=\"color: #000000;\">W\u0142asno\u015b\u0107 przemys\u0142owa w Niemczech &#8211; zachowanie ostro\u017cno\u015bci<br \/>\n<\/span><\/h2>\n<p style=\"text-align: right;\"><button id=\"bb3\" type=\"button\" value=\"Play\" class=\"responsivevoice-button\" title=\"ResponsiveVoice Tap to Start\/Stop Speech\"><span>&#128266; S\u0142uchaj<\/span><\/button>\n        <script>\n            bb3.onclick = function(){\n                if(responsiveVoice.isPlaying()){\n                    responsiveVoice.cancel();\n                }else{\n                    responsiveVoice.speak(\"Je\u017celi Pa\u0144stwo, jako przedsi\u0119biorcy, zwr\u00f3c\u0105 uwag\u0119 na poni\u017csze kwestie, nie zwi\u0119kszy to mo\u017ce Pa\u0144stwa sukcesu, je\u017celi jednak Pa\u0144stwo tego nie uczyni\u0105, konkurencja z pewno\u015bci\u0105 zr\u0119cznie wykorzysta ten fakt. Konieczno\u015b\u0107 ochrony wiedzy przedsi\u0119biorstwa. Wszystkie patenty, wzory i prawa ochronne obj\u0119te obowi\u0105zkiem meldunku powinny by\u0107 zarejestrowane. Uniemo\u017cliwienie konkurencji kopiowania zaprojektowanych przez Pa\u0144stwa produkt\u00f3w. Zabezpieczenie know-how jest niezb\u0119dne do osi\u0105gni\u0119cia gospodarczego sukcesu, wynikaj\u0105cego z jego posiadania. Patent lub wz\u00f3r u\u017cytkowy mo\u017ce by\u0107 licencjonowany. Jest to bardzo wa\u017cny aspekt. Nikt nie powinien podpisywa\u0107 umowy, kt\u00f3rej ca\u0142kowicie nie rozumie bez konsultacji prawnej. W praktyce mo\u017cna cz\u0119sto zauwa\u017cy\u0107, jak bezkrytycznie klienci podchodz\u0105 do zawieranych a przygotowanych przez innych um\u00f3w. Prawa patentowe maj\u0105 ogromne znaczenie dla wynalazcy znajduj\u0105cego si\u0119 w stosunku pracy, a mianowicie tak\u017ce wtedy, je\u017celi wynalazek by\u0142 dokonany w czasie wolnym. Chodzi zawsze o cenny czas, kt\u00f3ry traci przedsi\u0119biorca, je\u015bli nie zajmie si\u0119 tymi wa\u017cnymi problemami.\", \"Polish Female\");\n                }\n            };\n        <\/script>\n    <\/p>\n<p style=\"text-align: justify;\"><span style=\"color: #000000;\">Je\u017celi Pa\u0144stwo, jako przedsi\u0119biorcy, zwr\u00f3c\u0105 uwag\u0119 na poni\u017csze kwestie, nie zwi\u0119kszy to mo\u017ce Pa\u0144stwa sukcesu, je\u017celi jednak Pa\u0144stwo tego nie uczyni\u0105, konkurencja z pewno\u015bci\u0105 zr\u0119cznie wykorzysta ten fakt.<\/span><\/p>\n<ul style=\"text-align: justify;\">\n<li><span style=\"color: #000000;\">Konieczno\u015b\u0107 ochrony wiedzy przedsi\u0119biorstwa. Wszystkie patenty, wzory i prawa ochronne obj\u0119te obowi\u0105zkiem meldunku powinny by\u0107 zarejestrowane.<\/span><\/li>\n<li><span style=\"color: #000000;\">Uniemo\u017cliwienie konkurencji kopiowania zaprojektowanych przez Pa\u0144stwa produkt\u00f3w. Zabezpieczenie know-how jest niezb\u0119dne do osi\u0105gni\u0119cia gospodarczego sukcesu, wynikaj\u0105cego z jego posiadania.<\/span><\/li>\n<li><span style=\"color: #000000;\">Patent lub wz\u00f3r u\u017cytkowy mo\u017ce by\u0107 licencjonowany. Jest to bardzo wa\u017cny aspekt. Nikt nie powinien podpisywa\u0107 umowy, kt\u00f3rej ca\u0142kowicie nie rozumie bez konsultacji prawnej. W praktyce mo\u017cna cz\u0119sto zauwa\u017cy\u0107, jak bezkrytycznie klienci podchodz\u0105 do zawieranych a przygotowanych przez innych um\u00f3w.<\/span><\/li>\n<li><span style=\"color: #000000;\">Prawa patentowe maj\u0105 ogromne znaczenie dla wynalazcy znajduj\u0105cego si\u0119 w stosunku pracy, a mianowicie tak\u017ce wtedy, je\u017celi wynalazek by\u0142 dokonany w czasie wolnym.<\/span><\/li>\n<\/ul>\n<p style=\"text-align: justify;\"><span style=\"color: #000000;\">Chodzi zawsze o cenny czas, kt\u00f3ry traci przedsi\u0119biorca, je\u015bli nie zajmie si\u0119 tymi wa\u017cnymi problemami.<\/span><\/p>\n<p><\/p>\n<p style=\"text-align: center;\"><span style=\"color: #999999;\">____________________________________________<\/span><\/p>\n<p>&nbsp;<\/p>\n<p>&nbsp;<\/p>\n<h2 style=\"text-align: center;\"><span style=\"color: #000000;\">W\u0142asno\u015b\u0107 przemys\u0142owa w Niemczech &#8211; zakres naszych us\u0142ug<\/span><\/h2>\n<p style=\"text-align: right;\"><button id=\"bb4\" type=\"button\" value=\"Play\" class=\"responsivevoice-button\" title=\"ResponsiveVoice Tap to Start\/Stop Speech\"><span>&#128266; S\u0142uchaj<\/span><\/button>\n        <script>\n            bb4.onclick = function(){\n                if(responsiveVoice.isPlaying()){\n                    responsiveVoice.cancel();\n                }else{\n                    responsiveVoice.speak(\"Doradzamy naszym klientom i reprezentujemy ich interesy przeds\u0105dowo oraz s\u0105dowo. W centrum zainteresowania znajduje si\u0119 pozycja przedsi\u0119biorstwa na rynku gospodarczym oraz ochrona jego know-how. Nasz zakres dzia\u0142ania obejmuje prawo zwalczania nieuczciwej konkurencji: wykroczenia przeciwko prawu konkurencji w ustawie o nieuczciwej konkurencji (UWG), wynikaj\u0105ce z myl\u0105cej, por\u00f3wnywalnej lub ingeruj\u0105cej w stref\u0119 prywatno\u015bci reklamy, ochrona to\u017csamo\u015bci producenta i produktu przez prawo konkurencji, ochrona know-how oraz tajemnicy przedsi\u0119biorstwa, przepisy karne niemieckiej ustawy o zwalczaniu nieuczciwej konkurencji (UWG), wykroczenia przeciwko pokrewnym dziedzinom ustawy o nieuczciwej konkurencji jak prawo reklam \u015brodk\u00f3w leczniczych, prawo dotycz\u0105ce dystrybucji lek\u00f3w i prawa dotycz\u0105ce produkt\u00f3w spo\u017cywczych. Bardzo du\u017ce znaczenie posiada prawo znak\u00f3w towarowych ze wzgl\u0119du na cz\u0119stotliwo\u015b\u0107 i wa\u017cno\u015b\u0107 dla prowadzenia bie\u017c\u0105cej dzia\u0142alno\u015bci: dopuszczalno\u015b\u0107 znak\u00f3w towarowych na podstawie niemieckiego i europejskiego prawa, uzyskanie i utrzymanie ochrony niemieckich i europejskich znak\u00f3w towarowych, traktowanie znaku towarowego jako przedmiotu maj\u0105tkowego, naruszenie znaku towarowego i jego skutek, rejestracja znak\u00f3w towarowych w prawie niemieckim, europejskim i mi\u0119dzynarodowym, prawo pozosta\u0142ych znak\u00f3w (indywidualny znak przedsi\u0119biorstwa, domena, tytu\u0142). Ochron\u0105 know-how zajmuje si\u0119 prawo patentowe oraz wzor\u00f3w u\u017cytkowych: niemieckie, europejskie i mi\u0119dzynarodowe prawo patentowe, prawo wzor\u00f3w u\u017cytkowych, rejestracja oraz post\u0119powanie s\u0105dowe w przypadku naruszenia, przeforsowanie krajowych i europejskich patent\u00f3w oraz praw wzor\u00f3w u\u017cytkowych. Ochrona pozosta\u0142ych d\u00f3br niematerialnych jest cz\u0119sto powi\u0105zana z prawem konkurencji oraz ochron\u0105 know-how: ochrona designu (wzoru przemys\u0142owego), prawo unijnych wzor\u00f3w przemys\u0142owych, rejestracja, prawo autorskie w ramach w\u0142asno\u015bci przemys\u0142owej. Poza tym istniej\u0105 stosunki prawne pomi\u0119dzy osobami prywatnymi, kt\u00f3re w du\u017cej mierze kszta\u0142tuje w\u0142asno\u015b\u0107 przemys\u0142owa. S\u0105 to przyk\u0142adowo sytuacje, w kt\u00f3rych pracownik dokonuje odkrycia wynalazku lub uprawniony do prawa patentowego udziela za odp\u0142at\u0105 licencji swojemu konkurentowi: prawo licencji, prawo wynalazku pracowniczego. Kancelaria Swist \u2013 Kancelaria w D\u00fcsseldorfie Adwokat w Niemczech Pa\u0144stwa prawo w naszych wiernych r\u0119kach\", \"Polish Female\");\n                }\n            };\n        <\/script>\n    <\/p>\n<p style=\"text-align: justify;\"><span style=\"color: #000000;\">Doradzamy naszym klientom i reprezentujemy ich interesy przeds\u0105dowo oraz s\u0105dowo. W centrum zainteresowania znajduje si\u0119 pozycja przedsi\u0119biorstwa na rynku gospodarczym oraz ochrona jego know-how.<\/span><\/p>\n<p style=\"text-align: justify;\"><span style=\"color: #000000;\">Nasz zakres dzia\u0142ania obejmuje <strong><span style=\"color: #080060;\">prawo zwalczania nieuczciwej konkurencji<\/span><\/strong>:<\/span><\/p>\n<ul style=\"text-align: justify;\">\n<li><span style=\"color: #000000;\">wykroczenia przeciwko prawu konkurencji w ustawie o nieuczciwej konkurencji (UWG), wynikaj\u0105ce z myl\u0105cej, por\u00f3wnywalnej lub ingeruj\u0105cej w stref\u0119 prywatno\u015bci reklamy,<\/span><\/li>\n<li><span style=\"color: #000000;\">ochrona to\u017csamo\u015bci producenta i produktu przez prawo konkurencji, ochrona know-how oraz tajemnicy przedsi\u0119biorstwa,<\/span><\/li>\n<li><span style=\"color: #000000;\">przepisy karne niemieckiej ustawy o zwalczaniu nieuczciwej konkurencji (UWG),<\/span><\/li>\n<li><span style=\"color: #000000;\">wykroczenia przeciwko pokrewnym dziedzinom ustawy o nieuczciwej konkurencji jak prawo reklam \u015brodk\u00f3w leczniczych, prawo dotycz\u0105ce dystrybucji lek\u00f3w i prawa dotycz\u0105ce produkt\u00f3w spo\u017cywczych.<\/span><\/li>\n<\/ul>\n<p style=\"text-align: justify;\"><span style=\"color: #000000;\">Bardzo du\u017ce znaczenie posiada <span style=\"color: #080060;\"><strong>prawo znak\u00f3w towarowych<\/strong><\/span> ze wzgl\u0119du na cz\u0119stotliwo\u015b\u0107 i wa\u017cno\u015b\u0107 dla prowadzenia bie\u017c\u0105cej dzia\u0142alno\u015bci:<\/span><\/p>\n<ul style=\"text-align: justify;\">\n<li><span style=\"color: #000000;\">dopuszczalno\u015b\u0107 znak\u00f3w towarowych na podstawie niemieckiego i europejskiego prawa,<\/span><\/li>\n<li><span style=\"color: #000000;\">uzyskanie i utrzymanie ochrony niemieckich i europejskich znak\u00f3w towarowych,<\/span><\/li>\n<li><span style=\"color: #000000;\">traktowanie znaku towarowego jako przedmiotu maj\u0105tkowego,<\/span><\/li>\n<li><span style=\"color: #000000;\">naruszenie znaku towarowego i jego skutek,<\/span><\/li>\n<li><span style=\"color: #000000;\">rejestracja znak\u00f3w towarowych w prawie niemieckim, europejskim i mi\u0119dzynarodowym,<\/span><\/li>\n<li><span style=\"color: #000000;\">prawo pozosta\u0142ych znak\u00f3w (indywidualny znak przedsi\u0119biorstwa, domena, tytu\u0142).<\/span><\/li>\n<\/ul>\n<p style=\"text-align: justify;\"><span style=\"color: #000000;\">Ochron\u0105 know-how zajmuje si\u0119 <strong><span style=\"color: #080060;\">prawo patentowe oraz wzor\u00f3w u\u017cytkowych<\/span><\/strong>:<\/span><\/p>\n<ul style=\"text-align: justify;\">\n<li><span style=\"color: #000000;\">niemieckie, europejskie i mi\u0119dzynarodowe prawo patentowe,<\/span><\/li>\n<li><span style=\"color: #000000;\">prawo wzor\u00f3w u\u017cytkowych,<\/span><\/li>\n<li><span style=\"color: #000000;\">rejestracja oraz post\u0119powanie s\u0105dowe w przypadku naruszenia,<\/span><\/li>\n<li><span style=\"color: #000000;\">przeforsowanie krajowych i europejskich patent\u00f3w oraz praw wzor\u00f3w u\u017cytkowych.<\/span><\/li>\n<\/ul>\n<p style=\"text-align: justify;\"><span style=\"color: #000000;\">Ochrona <strong><span style=\"color: #080060;\">pozosta\u0142ych d\u00f3br niematerialnych<\/span><\/strong> jest cz\u0119sto powi\u0105zana z prawem konkurencji oraz ochron\u0105 know-how:<\/span><\/p>\n<ul style=\"text-align: justify;\">\n<li><span style=\"color: #000000;\">ochrona designu (wzoru przemys\u0142owego),<\/span><\/li>\n<li><span style=\"color: #000000;\">prawo unijnych wzor\u00f3w przemys\u0142owych, rejestracja,<\/span><\/li>\n<li><span style=\"color: #000000;\">prawo autorskie w ramach w\u0142asno\u015bci przemys\u0142owej.<\/span><\/li>\n<\/ul>\n<p style=\"text-align: justify;\"><span style=\"color: #000000;\">Poza tym istniej\u0105 <strong><span style=\"color: #080060;\">stosunki prawne<\/span><\/strong> pomi\u0119dzy osobami prywatnymi, kt\u00f3re w du\u017cej mierze kszta\u0142tuje w\u0142asno\u015b\u0107 przemys\u0142owa. S\u0105 to przyk\u0142adowo sytuacje, w kt\u00f3rych pracownik dokonuje odkrycia wynalazku lub uprawniony do prawa patentowego udziela za odp\u0142at\u0105 licencji swojemu konkurentowi:<\/span><\/p>\n<ul style=\"text-align: justify;\">\n<li><span style=\"color: #000000;\">prawo licencji,<\/span><\/li>\n<li><span style=\"color: #000000;\">prawo wynalazku pracowniczego.<\/span><\/li>\n<\/ul>\n<p style=\"text-align: right;\"><span style=\"color: #000000;\"><em>Kancelaria Swist \u2013 Kancelaria w D\u00fcsseldorfie<br \/>\nAdwokat w Niemczech<\/em><\/span><br \/>\n<span style=\"color: #000000;\"><em>Pa\u0144stwa prawo w naszych wiernych r\u0119kach<\/em><\/span><\/p>\n<p><\/p>\n<p>&nbsp;<\/p>\n<p>&nbsp;<\/p>\n<p><a href=\"http:\/\/www.johanna-swist.de\/wpjs\/pl\/kancelaria-2\/\"><img loading=\"lazy\" decoding=\"async\" class=\"W\u0142asno\u015b\u0107 przemys\u0142owa w Niemczech aligncenter wp-image-7490\" title=\"W\u0142asno\u015b\u0107 przemys\u0142owa w Niemczech\" src=\"http:\/\/www.johanna-swist.de\/wpjs\/wp-content\/uploads\/2022\/04\/Logo-2-1-300x85.jpg\" alt=\"W\u0142asno\u015b\u0107 przemys\u0142owa w Niemczech\" width=\"498\" height=\"141\" srcset=\"http:\/\/www.johanna-swist.de\/wpjs\/wp-content\/uploads\/2022\/04\/Logo-2-1-300x85.jpg 300w, http:\/\/www.johanna-swist.de\/wpjs\/wp-content\/uploads\/2022\/04\/Logo-2-1.jpg 337w\" sizes=\"auto, (max-width: 498px) 100vw, 498px\" \/><\/a><\/p>\n<p>&nbsp;<\/p>\n<p>&nbsp;<\/p>\n<p>&nbsp;<\/p>\n<p style=\"text-align: justify;\"><div class=\"specialtext-content-left effect\"><\/p>\n<h3 style=\"text-align: center;\">Prosimy o kontakt!Tel.: <span style=\"color: #1414ff;\">+49 (0) 211 &#8211; 8759\u00a0 8066<\/span><\/h3>\n<p><\/div><\/p>\n<p>&nbsp;<\/p>\n","protected":false},"excerpt":{"rendered":"<p>&nbsp; W\u0142asno\u015b\u0107 przemys\u0142owa w Niemczech &nbsp; ____________________________________________ &nbsp; &nbsp; Nasza filozofia ____________________________________________ &nbsp; &nbsp; Osoba kontaktowa &nbsp; Pani Rechtsanw\u00e4ltin Swist (adwokat prawa niemieckiego) zajmuje si\u0119 powy\u017cej przedstawionymi zagadnieniami i ch\u0119tnie doradzi Pa\u0144stwu w tym zakresie. &nbsp; &nbsp; Celem osobistej konsultacji<\/p>\n","protected":false},"author":1,"featured_media":275,"parent":0,"menu_order":0,"comment_status":"closed","ping_status":"closed","template":"","meta":{"om_disable_all_campaigns":false,"_monsterinsights_skip_tracking":false,"_monsterinsights_sitenote_active":false,"_monsterinsights_sitenote_note":"","_monsterinsights_sitenote_category":0,"_uf_show_specific_survey":0,"_uf_disable_surveys":false,"footnotes":""},"class_list":["post-1234","page","type-page","status-publish","has-post-thumbnail","hentry"],"yoast_head":"<!-- This site is optimized with the Yoast SEO plugin v27.3 - https:\/\/yoast.com\/product\/yoast-seo-wordpress\/ -->\n<title>Kancelaria w D\u00fcsseldorf | W\u0142asno\u015b\u0107 przemys\u0142owa w Niemczech<\/title>\n<meta name=\"description\" content=\"W\u0142asno\u015b\u0107 przemys\u0142owa w Niemczech - Adwokat w Niemczech - Prawnik - Kontakt: + 49 (0) 211-8759 8067 lub sekretariat@johanna-swist.de\" \/>\n<meta name=\"robots\" content=\"index, follow, max-snippet:-1, max-image-preview:large, max-video-preview:-1\" \/>\n<link rel=\"canonical\" href=\"http:\/\/www.johanna-swist.de\/wpjs\/pl\/wlasnosc-przemyslowa\/\" \/>\n<meta property=\"og:locale\" content=\"de_DE\" \/>\n<meta property=\"og:type\" content=\"article\" \/>\n<meta property=\"og:title\" content=\"Kancelaria w D\u00fcsseldorf | W\u0142asno\u015b\u0107 przemys\u0142owa w Niemczech\" \/>\n<meta property=\"og:description\" content=\"W\u0142asno\u015b\u0107 przemys\u0142owa w Niemczech - Adwokat w Niemczech - Prawnik - Kontakt: + 49 (0) 211-8759 8067 lub sekretariat@johanna-swist.de\" \/>\n<meta property=\"og:url\" content=\"http:\/\/www.johanna-swist.de\/wpjs\/pl\/wlasnosc-przemyslowa\/\" \/>\n<meta property=\"og:site_name\" content=\"swist.legal\" \/>\n<meta property=\"article:modified_time\" content=\"2023-09-24T11:38:12+00:00\" \/>\n<meta property=\"og:image\" content=\"http:\/\/www.johanna-swist.de\/wpjs\/wp-content\/uploads\/2015\/06\/johannaswist_4081.jpg\" \/>\n\t<meta property=\"og:image:width\" content=\"408\" \/>\n\t<meta property=\"og:image:height\" content=\"269\" \/>\n\t<meta property=\"og:image:type\" content=\"image\/jpeg\" \/>\n<meta name=\"twitter:card\" content=\"summary_large_image\" \/>\n<meta name=\"twitter:label1\" content=\"Gesch\u00e4tzte Lesezeit\" \/>\n\t<meta name=\"twitter:data1\" content=\"5\u00a0Minuten\" \/>\n<script type=\"application\/ld+json\" class=\"yoast-schema-graph\">{\"@context\":\"https:\\\/\\\/schema.org\",\"@graph\":[{\"@type\":\"WebPage\",\"@id\":\"http:\\\/\\\/www.johanna-swist.de\\\/wpjs\\\/pl\\\/wlasnosc-przemyslowa\\\/\",\"url\":\"http:\\\/\\\/www.johanna-swist.de\\\/wpjs\\\/pl\\\/wlasnosc-przemyslowa\\\/\",\"name\":\"Kancelaria w D\u00fcsseldorf | W\u0142asno\u015b\u0107 przemys\u0142owa w Niemczech\",\"isPartOf\":{\"@id\":\"http:\\\/\\\/www.johanna-swist.de\\\/wpjs\\\/#website\"},\"primaryImageOfPage\":{\"@id\":\"http:\\\/\\\/www.johanna-swist.de\\\/wpjs\\\/pl\\\/wlasnosc-przemyslowa\\\/#primaryimage\"},\"image\":{\"@id\":\"http:\\\/\\\/www.johanna-swist.de\\\/wpjs\\\/pl\\\/wlasnosc-przemyslowa\\\/#primaryimage\"},\"thumbnailUrl\":\"http:\\\/\\\/www.johanna-swist.de\\\/wpjs\\\/wp-content\\\/uploads\\\/2015\\\/06\\\/johannaswist_4081.jpg\",\"datePublished\":\"2020-06-18T16:51:30+00:00\",\"dateModified\":\"2023-09-24T11:38:12+00:00\",\"description\":\"W\u0142asno\u015b\u0107 przemys\u0142owa w Niemczech - Adwokat w Niemczech - Prawnik - Kontakt: + 49 (0) 211-8759 8067 lub sekretariat@johanna-swist.de\",\"breadcrumb\":{\"@id\":\"http:\\\/\\\/www.johanna-swist.de\\\/wpjs\\\/pl\\\/wlasnosc-przemyslowa\\\/#breadcrumb\"},\"inLanguage\":\"de\",\"potentialAction\":[{\"@type\":\"ReadAction\",\"target\":[\"http:\\\/\\\/www.johanna-swist.de\\\/wpjs\\\/pl\\\/wlasnosc-przemyslowa\\\/\"]}]},{\"@type\":\"ImageObject\",\"inLanguage\":\"de\",\"@id\":\"http:\\\/\\\/www.johanna-swist.de\\\/wpjs\\\/pl\\\/wlasnosc-przemyslowa\\\/#primaryimage\",\"url\":\"http:\\\/\\\/www.johanna-swist.de\\\/wpjs\\\/wp-content\\\/uploads\\\/2015\\\/06\\\/johannaswist_4081.jpg\",\"contentUrl\":\"http:\\\/\\\/www.johanna-swist.de\\\/wpjs\\\/wp-content\\\/uploads\\\/2015\\\/06\\\/johannaswist_4081.jpg\",\"width\":408,\"height\":269,\"caption\":\"Polskoj\u0119zyczny adwokat w Niemczech\"},{\"@type\":\"BreadcrumbList\",\"@id\":\"http:\\\/\\\/www.johanna-swist.de\\\/wpjs\\\/pl\\\/wlasnosc-przemyslowa\\\/#breadcrumb\",\"itemListElement\":[{\"@type\":\"ListItem\",\"position\":1,\"name\":\"Startseite\",\"item\":\"http:\\\/\\\/www.johanna-swist.de\\\/wpjs\\\/pl\\\/kancelaria-2\\\/\"},{\"@type\":\"ListItem\",\"position\":2,\"name\":\"IP \\\/ IT: w\u0142asno\u015b\u0107 przemys\u0142owa w Niemczech &#8211; prawo konkurencji, patentowe, znak\u00f3w towarowych, wzor\u00f3w przemys\u0142owych i u\u017cytkowych \u2026.\"}]},{\"@type\":\"WebSite\",\"@id\":\"http:\\\/\\\/www.johanna-swist.de\\\/wpjs\\\/#website\",\"url\":\"http:\\\/\\\/www.johanna-swist.de\\\/wpjs\\\/\",\"name\":\"swist.legal\",\"description\":\"\",\"publisher\":{\"@id\":\"http:\\\/\\\/www.johanna-swist.de\\\/wpjs\\\/#organization\"},\"potentialAction\":[{\"@type\":\"SearchAction\",\"target\":{\"@type\":\"EntryPoint\",\"urlTemplate\":\"http:\\\/\\\/www.johanna-swist.de\\\/wpjs\\\/?s={search_term_string}\"},\"query-input\":{\"@type\":\"PropertyValueSpecification\",\"valueRequired\":true,\"valueName\":\"search_term_string\"}}],\"inLanguage\":\"de\"},{\"@type\":\"Organization\",\"@id\":\"http:\\\/\\\/www.johanna-swist.de\\\/wpjs\\\/#organization\",\"name\":\"swist.legal\",\"url\":\"http:\\\/\\\/www.johanna-swist.de\\\/wpjs\\\/\",\"logo\":{\"@type\":\"ImageObject\",\"inLanguage\":\"de\",\"@id\":\"http:\\\/\\\/www.johanna-swist.de\\\/wpjs\\\/#\\\/schema\\\/logo\\\/image\\\/\",\"url\":\"http:\\\/\\\/www.johanna-swist.de\\\/wpjs\\\/wp-content\\\/uploads\\\/2022\\\/04\\\/cropped-cropped-Logo-1-1.jpg\",\"contentUrl\":\"http:\\\/\\\/www.johanna-swist.de\\\/wpjs\\\/wp-content\\\/uploads\\\/2022\\\/04\\\/cropped-cropped-Logo-1-1.jpg\",\"width\":512,\"height\":512,\"caption\":\"swist.legal\"},\"image\":{\"@id\":\"http:\\\/\\\/www.johanna-swist.de\\\/wpjs\\\/#\\\/schema\\\/logo\\\/image\\\/\"}}]}<\/script>\n<!-- \/ Yoast SEO plugin. -->","yoast_head_json":{"title":"Kancelaria w D\u00fcsseldorf | W\u0142asno\u015b\u0107 przemys\u0142owa w Niemczech","description":"W\u0142asno\u015b\u0107 przemys\u0142owa w Niemczech - Adwokat w Niemczech - Prawnik - Kontakt: + 49 (0) 211-8759 8067 lub sekretariat@johanna-swist.de","robots":{"index":"index","follow":"follow","max-snippet":"max-snippet:-1","max-image-preview":"max-image-preview:large","max-video-preview":"max-video-preview:-1"},"canonical":"http:\/\/www.johanna-swist.de\/wpjs\/pl\/wlasnosc-przemyslowa\/","og_locale":"de_DE","og_type":"article","og_title":"Kancelaria w D\u00fcsseldorf | W\u0142asno\u015b\u0107 przemys\u0142owa w Niemczech","og_description":"W\u0142asno\u015b\u0107 przemys\u0142owa w Niemczech - Adwokat w Niemczech - Prawnik - Kontakt: + 49 (0) 211-8759 8067 lub sekretariat@johanna-swist.de","og_url":"http:\/\/www.johanna-swist.de\/wpjs\/pl\/wlasnosc-przemyslowa\/","og_site_name":"swist.legal","article_modified_time":"2023-09-24T11:38:12+00:00","og_image":[{"width":408,"height":269,"url":"http:\/\/www.johanna-swist.de\/wpjs\/wp-content\/uploads\/2015\/06\/johannaswist_4081.jpg","type":"image\/jpeg"}],"twitter_card":"summary_large_image","twitter_misc":{"Gesch\u00e4tzte Lesezeit":"5\u00a0Minuten"},"schema":{"@context":"https:\/\/schema.org","@graph":[{"@type":"WebPage","@id":"http:\/\/www.johanna-swist.de\/wpjs\/pl\/wlasnosc-przemyslowa\/","url":"http:\/\/www.johanna-swist.de\/wpjs\/pl\/wlasnosc-przemyslowa\/","name":"Kancelaria w D\u00fcsseldorf | W\u0142asno\u015b\u0107 przemys\u0142owa w Niemczech","isPartOf":{"@id":"http:\/\/www.johanna-swist.de\/wpjs\/#website"},"primaryImageOfPage":{"@id":"http:\/\/www.johanna-swist.de\/wpjs\/pl\/wlasnosc-przemyslowa\/#primaryimage"},"image":{"@id":"http:\/\/www.johanna-swist.de\/wpjs\/pl\/wlasnosc-przemyslowa\/#primaryimage"},"thumbnailUrl":"http:\/\/www.johanna-swist.de\/wpjs\/wp-content\/uploads\/2015\/06\/johannaswist_4081.jpg","datePublished":"2020-06-18T16:51:30+00:00","dateModified":"2023-09-24T11:38:12+00:00","description":"W\u0142asno\u015b\u0107 przemys\u0142owa w Niemczech - Adwokat w Niemczech - Prawnik - Kontakt: + 49 (0) 211-8759 8067 lub sekretariat@johanna-swist.de","breadcrumb":{"@id":"http:\/\/www.johanna-swist.de\/wpjs\/pl\/wlasnosc-przemyslowa\/#breadcrumb"},"inLanguage":"de","potentialAction":[{"@type":"ReadAction","target":["http:\/\/www.johanna-swist.de\/wpjs\/pl\/wlasnosc-przemyslowa\/"]}]},{"@type":"ImageObject","inLanguage":"de","@id":"http:\/\/www.johanna-swist.de\/wpjs\/pl\/wlasnosc-przemyslowa\/#primaryimage","url":"http:\/\/www.johanna-swist.de\/wpjs\/wp-content\/uploads\/2015\/06\/johannaswist_4081.jpg","contentUrl":"http:\/\/www.johanna-swist.de\/wpjs\/wp-content\/uploads\/2015\/06\/johannaswist_4081.jpg","width":408,"height":269,"caption":"Polskoj\u0119zyczny adwokat w Niemczech"},{"@type":"BreadcrumbList","@id":"http:\/\/www.johanna-swist.de\/wpjs\/pl\/wlasnosc-przemyslowa\/#breadcrumb","itemListElement":[{"@type":"ListItem","position":1,"name":"Startseite","item":"http:\/\/www.johanna-swist.de\/wpjs\/pl\/kancelaria-2\/"},{"@type":"ListItem","position":2,"name":"IP \/ IT: w\u0142asno\u015b\u0107 przemys\u0142owa w Niemczech &#8211; prawo konkurencji, patentowe, znak\u00f3w towarowych, wzor\u00f3w przemys\u0142owych i u\u017cytkowych \u2026."}]},{"@type":"WebSite","@id":"http:\/\/www.johanna-swist.de\/wpjs\/#website","url":"http:\/\/www.johanna-swist.de\/wpjs\/","name":"swist.legal","description":"","publisher":{"@id":"http:\/\/www.johanna-swist.de\/wpjs\/#organization"},"potentialAction":[{"@type":"SearchAction","target":{"@type":"EntryPoint","urlTemplate":"http:\/\/www.johanna-swist.de\/wpjs\/?s={search_term_string}"},"query-input":{"@type":"PropertyValueSpecification","valueRequired":true,"valueName":"search_term_string"}}],"inLanguage":"de"},{"@type":"Organization","@id":"http:\/\/www.johanna-swist.de\/wpjs\/#organization","name":"swist.legal","url":"http:\/\/www.johanna-swist.de\/wpjs\/","logo":{"@type":"ImageObject","inLanguage":"de","@id":"http:\/\/www.johanna-swist.de\/wpjs\/#\/schema\/logo\/image\/","url":"http:\/\/www.johanna-swist.de\/wpjs\/wp-content\/uploads\/2022\/04\/cropped-cropped-Logo-1-1.jpg","contentUrl":"http:\/\/www.johanna-swist.de\/wpjs\/wp-content\/uploads\/2022\/04\/cropped-cropped-Logo-1-1.jpg","width":512,"height":512,"caption":"swist.legal"},"image":{"@id":"http:\/\/www.johanna-swist.de\/wpjs\/#\/schema\/logo\/image\/"}}]}},"_links":{"self":[{"href":"http:\/\/www.johanna-swist.de\/wpjs\/wp-json\/wp\/v2\/pages\/1234","targetHints":{"allow":["GET"]}}],"collection":[{"href":"http:\/\/www.johanna-swist.de\/wpjs\/wp-json\/wp\/v2\/pages"}],"about":[{"href":"http:\/\/www.johanna-swist.de\/wpjs\/wp-json\/wp\/v2\/types\/page"}],"author":[{"embeddable":true,"href":"http:\/\/www.johanna-swist.de\/wpjs\/wp-json\/wp\/v2\/users\/1"}],"replies":[{"embeddable":true,"href":"http:\/\/www.johanna-swist.de\/wpjs\/wp-json\/wp\/v2\/comments?post=1234"}],"version-history":[{"count":37,"href":"http:\/\/www.johanna-swist.de\/wpjs\/wp-json\/wp\/v2\/pages\/1234\/revisions"}],"predecessor-version":[{"id":7854,"href":"http:\/\/www.johanna-swist.de\/wpjs\/wp-json\/wp\/v2\/pages\/1234\/revisions\/7854"}],"wp:featuredmedia":[{"embeddable":true,"href":"http:\/\/www.johanna-swist.de\/wpjs\/wp-json\/wp\/v2\/media\/275"}],"wp:attachment":[{"href":"http:\/\/www.johanna-swist.de\/wpjs\/wp-json\/wp\/v2\/media?parent=1234"}],"curies":[{"name":"wp","href":"https:\/\/api.w.org\/{rel}","templated":true}]}}